{"id":258,"date":"2016-02-22T13:53:51","date_gmt":"2016-02-22T12:53:51","guid":{"rendered":"http:\/\/www.riarteco.it\/core\/?page_id=258"},"modified":"2016-12-28T23:14:42","modified_gmt":"2016-12-28T22:14:42","slug":"genova","status":"publish","type":"page","link":"https:\/\/www.riarteco.it\/core\/genova\/","title":{"rendered":"Genova"},"content":{"rendered":"<div id=\"pl-258\"  class=\"panel-layout\" ><div id=\"pg-258-0\"  class=\"panel-grid panel-no-style\" ><div id=\"pgc-258-0-0\"  class=\"panel-grid-cell\" ><div id=\"panel-258-0-0-0\" class=\"so-panel widget widget_sow-slider panel-first-child\" data-index=\"0\" ><div\n\t\t\t\n\t\t\tclass=\"so-widget-sow-slider so-widget-sow-slider-default-6d39609536fd-258\"\n\t\t\t\n\t\t>\t\t\t\t<div class=\"sow-slider-base\" style=\"display: none\" tabindex=\"0\">\n\t\t\t\t\t<ul\n\t\t\t\t\tclass=\"sow-slider-images\"\n\t\t\t\t\tdata-settings=\"{&quot;pagination&quot;:true,&quot;speed&quot;:800,&quot;timeout&quot;:8000,&quot;paused&quot;:false,&quot;pause_on_hover&quot;:false,&quot;swipe&quot;:true,&quot;nav_always_show_desktop&quot;:&quot;&quot;,&quot;nav_always_show_mobile&quot;:&quot;&quot;,&quot;breakpoint&quot;:&quot;780px&quot;,&quot;unmute&quot;:false,&quot;anchor&quot;:null}\"\n\t\t\t\t\t\t\t\t\t\tdata-anchor-id=\"\"\n\t\t\t\t>\t\t<li class=\"sow-slider-image\" style=\"visibility: visible;\" >\n\t\t\t\t\t\t<img width=\"1920\" height=\"700\" src=\"https:\/\/www.riarteco.it\/core\/wp-content\/uploads\/2016\/02\/Copertina-sito-Open-Genova-firma-1920x700.jpg\" class=\"sow-slider-background-image\" alt=\"\" loading=\"lazy\" style=\"\" \/>\t\t<\/li>\n\t\t<\/ul>\t\t\t\t<ol class=\"sow-slider-pagination\">\n\t\t\t\t\t\t\t\t\t\t\t<li><a href=\"#\" data-goto=\"0\" aria-label=\"display slide 1\"><\/a><\/li>\n\t\t\t\t\t\t\t\t\t<\/ol>\n\n\t\t\t\t<div class=\"sow-slide-nav sow-slide-nav-next\">\n\t\t\t\t\t<a href=\"#\" data-goto=\"next\" aria-label=\"next slide\" data-action=\"next\">\n\t\t\t\t\t\t<em class=\"sow-sld-icon-thin-right\"><\/em>\n\t\t\t\t\t<\/a>\n\t\t\t\t<\/div>\n\n\t\t\t\t<div class=\"sow-slide-nav sow-slide-nav-prev\">\n\t\t\t\t\t<a href=\"#\" data-goto=\"previous\" aria-label=\"previous slide\" data-action=\"prev\">\n\t\t\t\t\t\t<em class=\"sow-sld-icon-thin-left\"><\/em>\n\t\t\t\t\t<\/a>\n\t\t\t\t<\/div>\n\t\t\t\t<\/div><\/div><\/div><div id=\"panel-258-0-0-1\" class=\"so-panel widget widget_sow-editor panel-last-child\" data-index=\"1\" ><div\n\t\t\t\n\t\t\tclass=\"so-widget-sow-editor so-widget-sow-editor-base\"\n\t\t\t\n\t\t>\n<div class=\"siteorigin-widget-tinymce textwidget\">\n\t<p style=\"text-align: justify;\"><strong><span style=\"font-family: arial,helvetica,sans-serif; font-size: 14pt;\">Genova&nbsp; dal&nbsp; 31 marzo al 9 aprile, Loggia della Mercanzia, piazza dei Banchi<\/span><\/strong><\/p>\n<p style=\"text-align: justify;\"><strong><span style=\"font-family: arial,helvetica,sans-serif; font-size: 14pt;\">Sampierdarena - Genova dall'11 aprile dal 23 aprile, Centro Civico Buranello, via Giacomo Buranello, 1<\/span><\/strong><\/p>\n<hr \/>\n<p style=\"text-align: justify;\"><span style=\"font-family: arial,helvetica,sans-serif; font-size: 12pt;\">Referente Aldo Celle - associazione La Tela - cell: 335 7127848<\/span><\/p>\n<hr \/>\n<p style=\"text-align: left;\"><span style=\"font-family: arial,helvetica,sans-serif; font-size: 12pt;\">RiArtEco propone un\u2019idea, un ideale. RiArtEco \u00e8 il passo iniziale che attraverso la discussione e la condivisione desidera portarci alla convinzione che ciascuno di noi pu\u00f2 e deve contribuire al raggiungimento di un futuro equo. RiArtEco \u00e8 lo spunto, la punta dell\u2019iceberg di un Movimento che si propone per una realizzazione etica dell\u2019arte nella societ\u00e0 ed il recupero dei valori umani in termini di solidariet\u00e0 e di cultura sociale. Tutti possono contribuire alla realizzazione di RiArtEco, perch\u00e9 RiArtEco \u00e8 aperto a tutte le persone che hanno coscienza e consapevolezza dei problemi del nostro pianeta e sono animati dalla volont\u00e0 di risolverli per donare un mondo migliore alle future generazioni di umani, animali e piante. L\u2019arte moderna ha smarrito le finalit\u00e0. RiArtEco offre agli artisti l\u2019opportunit\u00e0 di opporsi alle leggi del mercato, di contrastare i mercanti dell\u2019arte, dei banalizzatori degli sforzi intellettuali. Ogni artista \u00e8 libero di cogliere con sfumature diverse, che dipendono dalla propria sensibilit\u00e0, e di lanciare il proprio messaggio verso la societ\u00e0 \u201ccivile\u201d. Ma cos\u00e8 l\u2019arte oggigiorno? RiArtEco ha una risposta. Arte \u00e8 impegno, Arte \u00e8 il sogno di una realizzazione, Arte \u00e8 la ricerca di una finalit\u00e0 sociale nell\u2019estro degli artisti. [ Aldo Celle ]<\/span><\/p>\n<\/div>\n<\/div><\/div><\/div><\/div><\/div>","protected":false},"excerpt":{"rendered":"<p>Genova&nbsp; dal&nbsp; 31 marzo al 9 aprile, Loggia della Mercanzia, piazza dei BanchiSampierdarena &#8211; Genova dall&#8217;11 aprile dal 23 aprile, Centro Civico Buranello, via Giacomo Buranello, 1Referente Aldo Celle &#8211; associazione La Tela &#8211; cell: 335 7127848RiArtEco propone un\u2019idea, un ideale. RiArtEco \u00e8 il passo iniziale che attraverso la discussione e la condivisione desidera portarci [&hellip;]<\/p>\n","protected":false},"author":3,"featured_media":0,"parent":0,"menu_order":0,"comment_status":"closed","ping_status":"open","template":"","meta":{"ngg_post_thumbnail":0},"acf":[],"yoast_head":"<!-- This site is optimized with the Yoast SEO plugin v18.4.1 - https:\/\/yoast.com\/wordpress\/plugins\/seo\/ -->\n<title>Genova - RiartEco<\/title>\n<meta name=\"robots\" content=\"index, follow, max-snippet:-1, max-image-preview:large, max-video-preview:-1\" \/>\n<link rel=\"canonical\" href=\"https:\/\/www.riarteco.it\/core\/genova\/\" \/>\n<meta property=\"og:locale\" content=\"it_IT\" \/>\n<meta property=\"og:type\" content=\"article\" \/>\n<meta property=\"og:title\" content=\"Genova - RiartEco\" \/>\n<meta property=\"og:description\" content=\"Genova&nbsp; dal&nbsp; 31 marzo al 9 aprile, Loggia della Mercanzia, piazza dei BanchiSampierdarena - Genova dall&#039;11 aprile dal 23 aprile, Centro Civico Buranello, via Giacomo Buranello, 1Referente Aldo Celle - associazione La Tela - cell: 335 7127848RiArtEco propone un\u2019idea, un ideale. RiArtEco \u00e8 il passo iniziale che attraverso la discussione e la condivisione desidera portarci [&hellip;]\" \/>\n<meta property=\"og:url\" content=\"https:\/\/www.riarteco.it\/core\/genova\/\" \/>\n<meta property=\"og:site_name\" content=\"RiartEco\" \/>\n<meta property=\"article:modified_time\" content=\"2016-12-28T22:14:42+00:00\" \/>\n<meta property=\"og:image\" content=\"http:\/\/www.riarteco.it\/core\/wp-content\/uploads\/2016\/02\/Copertina-sito-Open-Genova-firma-1920x700.jpg\" \/>\n<meta name=\"twitter:card\" content=\"summary\" \/>\n<meta name=\"twitter:label1\" content=\"Tempo di lettura stimato\" \/>\n\t<meta name=\"twitter:data1\" content=\"1 minuto\" \/>\n<script type=\"application\/ld+json\" class=\"yoast-schema-graph\">{\"@context\":\"https:\/\/schema.org\",\"@graph\":[{\"@type\":\"Organization\",\"@id\":\"https:\/\/www.riarteco.it\/core\/#organization\",\"name\":\"Movimento RiArtEco\",\"url\":\"https:\/\/www.riarteco.it\/core\/\",\"sameAs\":[],\"logo\":{\"@type\":\"ImageObject\",\"@id\":\"https:\/\/www.riarteco.it\/core\/#logo\",\"inLanguage\":\"it-IT\",\"url\":\"https:\/\/www.riarteco.it\/core\/wp-content\/uploads\/2015\/05\/cropped-intestazione.jpg\",\"contentUrl\":\"https:\/\/www.riarteco.it\/core\/wp-content\/uploads\/2015\/05\/cropped-intestazione.jpg\",\"width\":1440,\"height\":520,\"caption\":\"Movimento RiArtEco\"},\"image\":{\"@id\":\"https:\/\/www.riarteco.it\/core\/#logo\"}},{\"@type\":\"WebSite\",\"@id\":\"https:\/\/www.riarteco.it\/core\/#website\",\"url\":\"https:\/\/www.riarteco.it\/core\/\",\"name\":\"RiartEco\",\"description\":\"ARTE (r)EVOLUTION\",\"publisher\":{\"@id\":\"https:\/\/www.riarteco.it\/core\/#organization\"},\"potentialAction\":[{\"@type\":\"SearchAction\",\"target\":{\"@type\":\"EntryPoint\",\"urlTemplate\":\"https:\/\/www.riarteco.it\/core\/?s={search_term_string}\"},\"query-input\":\"required name=search_term_string\"}],\"inLanguage\":\"it-IT\"},{\"@type\":\"ImageObject\",\"@id\":\"https:\/\/www.riarteco.it\/core\/genova\/#primaryimage\",\"inLanguage\":\"it-IT\",\"url\":\"http:\/\/www.riarteco.it\/core\/wp-content\/uploads\/2016\/02\/Copertina-sito-Open-Genova-firma-1920x700.jpg\",\"contentUrl\":\"http:\/\/www.riarteco.it\/core\/wp-content\/uploads\/2016\/02\/Copertina-sito-Open-Genova-firma-1920x700.jpg\"},{\"@type\":\"WebPage\",\"@id\":\"https:\/\/www.riarteco.it\/core\/genova\/#webpage\",\"url\":\"https:\/\/www.riarteco.it\/core\/genova\/\",\"name\":\"Genova - RiartEco\",\"isPartOf\":{\"@id\":\"https:\/\/www.riarteco.it\/core\/#website\"},\"primaryImageOfPage\":{\"@id\":\"https:\/\/www.riarteco.it\/core\/genova\/#primaryimage\"},\"datePublished\":\"2016-02-22T12:53:51+00:00\",\"dateModified\":\"2016-12-28T22:14:42+00:00\",\"breadcrumb\":{\"@id\":\"https:\/\/www.riarteco.it\/core\/genova\/#breadcrumb\"},\"inLanguage\":\"it-IT\",\"potentialAction\":[{\"@type\":\"ReadAction\",\"target\":[\"https:\/\/www.riarteco.it\/core\/genova\/\"]}]},{\"@type\":\"BreadcrumbList\",\"@id\":\"https:\/\/www.riarteco.it\/core\/genova\/#breadcrumb\",\"itemListElement\":[{\"@type\":\"ListItem\",\"position\":1,\"name\":\"Home\",\"item\":\"https:\/\/www.riarteco.it\/core\/\"},{\"@type\":\"ListItem\",\"position\":2,\"name\":\"Genova\"}]}]}<\/script>\n<!-- \/ Yoast SEO plugin. -->","yoast_head_json":{"title":"Genova - RiartEco","robots":{"index":"index","follow":"follow","max-snippet":"max-snippet:-1","max-image-preview":"max-image-preview:large","max-video-preview":"max-video-preview:-1"},"canonical":"https:\/\/www.riarteco.it\/core\/genova\/","og_locale":"it_IT","og_type":"article","og_title":"Genova - RiartEco","og_description":"Genova&nbsp; dal&nbsp; 31 marzo al 9 aprile, Loggia della Mercanzia, piazza dei BanchiSampierdarena - Genova dall'11 aprile dal 23 aprile, Centro Civico Buranello, via Giacomo Buranello, 1Referente Aldo Celle - associazione La Tela - cell: 335 7127848RiArtEco propone un\u2019idea, un ideale. RiArtEco \u00e8 il passo iniziale che attraverso la discussione e la condivisione desidera portarci [&hellip;]","og_url":"https:\/\/www.riarteco.it\/core\/genova\/","og_site_name":"RiartEco","article_modified_time":"2016-12-28T22:14:42+00:00","og_image":[{"url":"http:\/\/www.riarteco.it\/core\/wp-content\/uploads\/2016\/02\/Copertina-sito-Open-Genova-firma-1920x700.jpg"}],"twitter_card":"summary","twitter_misc":{"Tempo di lettura stimato":"1 minuto"},"schema":{"@context":"https:\/\/schema.org","@graph":[{"@type":"Organization","@id":"https:\/\/www.riarteco.it\/core\/#organization","name":"Movimento RiArtEco","url":"https:\/\/www.riarteco.it\/core\/","sameAs":[],"logo":{"@type":"ImageObject","@id":"https:\/\/www.riarteco.it\/core\/#logo","inLanguage":"it-IT","url":"https:\/\/www.riarteco.it\/core\/wp-content\/uploads\/2015\/05\/cropped-intestazione.jpg","contentUrl":"https:\/\/www.riarteco.it\/core\/wp-content\/uploads\/2015\/05\/cropped-intestazione.jpg","width":1440,"height":520,"caption":"Movimento RiArtEco"},"image":{"@id":"https:\/\/www.riarteco.it\/core\/#logo"}},{"@type":"WebSite","@id":"https:\/\/www.riarteco.it\/core\/#website","url":"https:\/\/www.riarteco.it\/core\/","name":"RiartEco","description":"ARTE (r)EVOLUTION","publisher":{"@id":"https:\/\/www.riarteco.it\/core\/#organization"},"potentialAction":[{"@type":"SearchAction","target":{"@type":"EntryPoint","urlTemplate":"https:\/\/www.riarteco.it\/core\/?s={search_term_string}"},"query-input":"required name=search_term_string"}],"inLanguage":"it-IT"},{"@type":"ImageObject","@id":"https:\/\/www.riarteco.it\/core\/genova\/#primaryimage","inLanguage":"it-IT","url":"http:\/\/www.riarteco.it\/core\/wp-content\/uploads\/2016\/02\/Copertina-sito-Open-Genova-firma-1920x700.jpg","contentUrl":"http:\/\/www.riarteco.it\/core\/wp-content\/uploads\/2016\/02\/Copertina-sito-Open-Genova-firma-1920x700.jpg"},{"@type":"WebPage","@id":"https:\/\/www.riarteco.it\/core\/genova\/#webpage","url":"https:\/\/www.riarteco.it\/core\/genova\/","name":"Genova - RiartEco","isPartOf":{"@id":"https:\/\/www.riarteco.it\/core\/#website"},"primaryImageOfPage":{"@id":"https:\/\/www.riarteco.it\/core\/genova\/#primaryimage"},"datePublished":"2016-02-22T12:53:51+00:00","dateModified":"2016-12-28T22:14:42+00:00","breadcrumb":{"@id":"https:\/\/www.riarteco.it\/core\/genova\/#breadcrumb"},"inLanguage":"it-IT","potentialAction":[{"@type":"ReadAction","target":["https:\/\/www.riarteco.it\/core\/genova\/"]}]},{"@type":"BreadcrumbList","@id":"https:\/\/www.riarteco.it\/core\/genova\/#breadcrumb","itemListElement":[{"@type":"ListItem","position":1,"name":"Home","item":"https:\/\/www.riarteco.it\/core\/"},{"@type":"ListItem","position":2,"name":"Genova"}]}]}},"rttpg_featured_image_url":null,"rttpg_author":{"display_name":"giuseppe_ads","author_link":"https:\/\/www.riarteco.it\/core\/author\/giuseppe_ads\/"},"rttpg_comment":0,"rttpg_category":null,"rttpg_excerpt":"Genova&nbsp; dal&nbsp; 31 marzo al 9 aprile, Loggia della Mercanzia, piazza dei BanchiSampierdarena - Genova dall'11 aprile dal 23 aprile, Centro Civico Buranello, via Giacomo Buranello, 1Referente Aldo Celle - associazione La Tela - cell: 335 7127848RiArtEco propone un\u2019idea, un ideale. RiArtEco \u00e8 il passo iniziale che attraverso la discussione e la condivisione desidera portarci&hellip;","_links":{"self":[{"href":"https:\/\/www.riarteco.it\/core\/wp-json\/wp\/v2\/pages\/258"}],"collection":[{"href":"https:\/\/www.riarteco.it\/core\/wp-json\/wp\/v2\/pages"}],"about":[{"href":"https:\/\/www.riarteco.it\/core\/wp-json\/wp\/v2\/types\/page"}],"author":[{"embeddable":true,"href":"https:\/\/www.riarteco.it\/core\/wp-json\/wp\/v2\/users\/3"}],"replies":[{"embeddable":true,"href":"https:\/\/www.riarteco.it\/core\/wp-json\/wp\/v2\/comments?post=258"}],"version-history":[{"count":0,"href":"https:\/\/www.riarteco.it\/core\/wp-json\/wp\/v2\/pages\/258\/revisions"}],"wp:attachment":[{"href":"https:\/\/www.riarteco.it\/core\/wp-json\/wp\/v2\/media?parent=258"}],"curies":[{"name":"wp","href":"https:\/\/api.w.org\/{rel}","templated":true}]}}